{"id":1807,"date":"2026-02-19T16:40:18","date_gmt":"2026-02-19T15:40:18","guid":{"rendered":"https:\/\/www.carrefour-de-femmes.org\/?post_type=event&#038;p=1807"},"modified":"2026-02-27T14:16:05","modified_gmt":"2026-02-27T13:16:05","slug":"8-march-international-womens-rights-day","status":"publish","type":"event","link":"https:\/\/www.carrefour-de-femmes.org\/en\/evenements\/8-mars-journee-internationale-du-droit-des-femmes\/","title":{"rendered":"8 March - International Women's Rights Day"},"content":{"rendered":"<div class=\"wp-block-uagb-container uagb-block-a97c4a75 alignfull uagb-is-root-container\"><div class=\"uagb-container-inner-blocks-wrap\">\n<h4 class=\"wp-block-heading\">Carrefour de femmes is organising an afternoon of entertainment to mark 8 March! \u2640\ufe0f<\/h4>\n\n\n\n<p>Come and enjoy a rich, creative and rejuvenating afternoon of well-being, discovery and the spotlight on inspiring women.<br>From participatory workshops to engaging performances and moments of relaxation, this day is designed to offer you a warm, lively and open space where everyone can learn, create and develop.<\/p>\n\n\n\n<figure class=\"wp-block-embed is-type-video is-provider-youtube wp-block-embed-youtube wp-embed-aspect-16-9 wp-has-aspect-ratio\"><div class=\"wp-block-embed__wrapper\">\n<iframe loading=\"lazy\" title=\"International Women&#039;s Rights Day\" width=\"500\" height=\"281\" src=\"https:\/\/www.youtube.com\/embed\/mjBNHeC3os4?feature=oembed\" frameborder=\"0\" allow=\"accelerometer; autoplay; clipboard-write; encrypted-media; gyroscope; picture-in-picture; web-share\" referrerpolicy=\"strict-origin-when-cross-origin\" allowfullscreen><\/iframe>\n<\/div><\/figure>\n\n\n\n<h3 class=\"wp-block-heading\"><strong>\ud83d\udcc5<\/strong> <strong>Saturday 7 March<br><strong>\ud83d\udccd<\/strong> <strong>Espace culturel La Fa\u00efencerie, All\u00e9e Nelson, 60100 Creil<\/strong><\/strong><\/h3>\n\n\n\n<p><strong>From 1.30pm<\/strong><\/p>\n\n\n\n<p><strong>\u2728<\/strong><strong> ON THE PROGRAM<\/strong><\/p>\n\n\n\n<p><strong>\ud83e\uddf4<\/strong><strong> Do It Yourself workshop - Homemade cosmetics<\/strong><\/p>\n\n\n\n<p>With <em>The nature of \u00c9va<\/em>, Learn how to make your own natural, skin-friendly products that are perfect for winter:<\/p>\n\n\n\n<ul class=\"wp-block-list\">\n<li><strong>1.30pm: making a deodorant<\/strong><\/li>\n\n\n\n<li><strong>2.45pm: making lip balm<\/strong><\/li>\n\n\n\n<li><strong>4pm: making moisturising gel<\/strong><br>\u27a1\ufe0f <em>Register by text message to 06 31 52 22 44<\/em><\/li>\n<\/ul>\n\n\n\n<p><strong>\ud83e\uddd8<\/strong><strong> Yoga - Time for yourself!<\/strong><\/p>\n\n\n\n<p><strong>1.30 pm to 3.30 pm<\/strong><br>Two hours to relax the body, soothe the mind and restore energy thanks to the <em>Sandie's studio<\/em>.<br>Open to all levels.<\/p>\n\n\n\n<p><strong>\ud83c\udfad<\/strong><strong> Fer \u00e0 Coudre\u00ab show\u00bb<\/strong><\/p>\n\n\n\n<p><strong>2pm to 3pm<\/strong><br>Did you know? Several famous women have given their names to our public places!<br>In this lively, poetic and hard-hitting show, you can discover their inspiring journeys and the battles they have fought.<br>A rhythmic, modern and tailor-made performance, imagined by the <em>Compagnie du Fer \u00e0 Coudre<\/em>.<br>A unique creation... just for you.<\/p>\n\n\n\n<p><strong>Concert by the \u00abLa voix est libre\u00bb feminist choir\u00bb<br>3.30 pm to 4.15 pm<\/strong><br>A vibrant, collective interlude, where voices unite around committed songs.<br>A powerful, unifying moment<strong>.<\/strong><\/p>\n\n\n\n<p><strong>Screening of the short film \u201cLa petite voix\u201d (The Little Voice)\u201d<\/strong><br><strong>4.30 p.m. to 5 p.m.<\/strong><br>A film made by the students of the Lyc\u00e9e Jules Uhry,<br>which takes a sensitive look at the issue of abortion rights.<br>This project is part of the national S\u00e9quences Femmes 8th edition,<\/p>\n\n\n\n<p><\/p>\n\n\n\n<p><strong>\ud83e\udd4b<\/strong><strong> Introduction to self-defence<\/strong><\/p>\n\n\n\n<p>Learn simple ways to protect yourself, boost your confidence and become more aware of your abilities.<br>Two sessions: <strong>14h<\/strong> and <strong>15h30<\/strong><\/p>\n\n\n\n<p><strong>\ud83e\uddf5<\/strong><strong> Photo embroidery workshop<br>S<\/strong><strong>essions from 2.30 to 4.30 p.m.<\/strong><br>A creative opportunity to exchange ideas, learn and leave with a unique piece.<br>\u27a1\ufe0f <em>Register by text message to 06 31 52 22 44<\/em><\/p>\n\n\n\n<p><strong><br>Exhibition: \u00abStories of local women\u00bb<br><\/strong>These touching works by women from Creil, Villers-Saint-Paul and Nogent-sur-Oise tell the story of their rich and inspiring lives.<br>A sensitive, intimate and powerful exhibition.<\/p>\n\n\n\n<p><strong>CLAY WORKSHOP - MODELLING<\/strong><br><strong>2pm to 6pm - registration required - 3 sessions<br><\/strong>Come and discover the pleasure of shaping matter!<br>A simple, creative and relaxing workshop to shape your ideas with your fingertips. Whether you're a beginner or an expert, let us guide you and create your own piece.<br>\u27a1\ufe0f <em>Register by text message to 06 31 52 22 44<\/em><\/p>\n\n\n\n<hr class=\"wp-block-separator has-alpha-channel-opacity\"\/>\n\n\n\n<p><\/p>\n\n\n\n<h3 class=\"wp-block-heading\"><strong>\ud83d\udccd<\/strong> <strong>At the Colette multimedia library, 28 Bd de la R\u00e9publique, 60870 Viller-Saint-Paul<\/strong><\/h3>\n\n\n\n<p><strong>Special literary caf\u00e9 for authors<\/strong><br><strong>From 2pm<br><\/strong>An opportunity to discuss and discover a number of women's literary voices. Free, no registration required<\/p>\n\n\n\n<h2 class=\"wp-block-heading\">Cinema at the Fa\u00efencerie \ud83c\udfa5\ud83c\udf7f<\/h2>\n\n\n\n<h4 class=\"wp-block-heading\">\ud83c\udf70 Le G\u00e2teau du Pr\u00e9sident | At 2:30 p.m. <em>Prices between \u20ac4 and \u20ac7<\/em><\/h4>\n\n\n\n<div class=\"wp-block-media-text is-stacked-on-mobile\" style=\"grid-template-columns:51% auto\"><figure class=\"wp-block-media-text__media\"><img loading=\"lazy\" decoding=\"async\" width=\"768\" height=\"1024\" src=\"https:\/\/www.carrefour-de-femmes.org\/app\/uploads\/2026\/02\/e6195fdd0bbba065280ae124d28ea94b-768x1024.jpg\" alt=\"\" class=\"wp-image-1825 size-full\" srcset=\"https:\/\/www.carrefour-de-femmes.org\/app\/uploads\/2026\/02\/e6195fdd0bbba065280ae124d28ea94b-768x1024.jpg 768w, https:\/\/www.carrefour-de-femmes.org\/app\/uploads\/2026\/02\/e6195fdd0bbba065280ae124d28ea94b-225x300.jpg 225w, https:\/\/www.carrefour-de-femmes.org\/app\/uploads\/2026\/02\/e6195fdd0bbba065280ae124d28ea94b-1152x1536.jpg 1152w, https:\/\/www.carrefour-de-femmes.org\/app\/uploads\/2026\/02\/e6195fdd0bbba065280ae124d28ea94b-9x12.jpg 9w, https:\/\/www.carrefour-de-femmes.org\/app\/uploads\/2026\/02\/e6195fdd0bbba065280ae124d28ea94b.jpg 1200w\" sizes=\"auto, (max-width: 768px) 100vw, 768px\" \/><\/figure><div class=\"wp-block-media-text__content\">\n<p>In Saddam Hussein's Iraq, 9-year-old Lamia has to bake a cake for the President's birthday. With her friend Seed, she sets off in search of ingredients, revealing the daily lives of children caught up in the dictatorship.<\/p>\n\n\n\n<p><\/p>\n\n\n\n<p><em>A sensitive film, shot with non-professional actors, which won an award at Cannes 2026 and is a candidate for the Oscars. Winner of the Audience Award at the Cineastes Fortnight, winner of the Cam\u00e9ra d'Or at Cannes 2026 and Iraqi candidate for the Oscars.<\/em><\/p>\n<\/div><\/div>\n\n\n\n<p><\/p>\n\n\n\n<h4 class=\"wp-block-heading\">\u2640\ufe0f La Vie apr\u00e8s Siham | 8pm | Price \u20ac4 to \u20ac7<\/h4>\n\n\n\n<div class=\"wp-block-media-text has-media-on-the-right is-stacked-on-mobile\"><div class=\"wp-block-media-text__content\">\n<p>After the death of his mother, Namir decided to film a tribute to her. Combining memories, family archives and Egyptian cinema, he composes a vibrant tale of transmission and enduring love.<\/p>\n\n\n\n<p><em>It has won awards at numerous festivals in France and abroad, including Valenciennes, Amiens, Fameck, Zurich, Seville and El Gouna.<\/em><\/p>\n<\/div><figure class=\"wp-block-media-text__media\"><img loading=\"lazy\" decoding=\"async\" width=\"768\" height=\"1024\" src=\"https:\/\/www.carrefour-de-femmes.org\/app\/uploads\/2026\/02\/38181f1fe67de6a511e5a075587f98a6-768x1024.jpg\" alt=\"\" class=\"wp-image-1827 size-full\" srcset=\"https:\/\/www.carrefour-de-femmes.org\/app\/uploads\/2026\/02\/38181f1fe67de6a511e5a075587f98a6-768x1024.jpg 768w, https:\/\/www.carrefour-de-femmes.org\/app\/uploads\/2026\/02\/38181f1fe67de6a511e5a075587f98a6-225x300.jpg 225w, https:\/\/www.carrefour-de-femmes.org\/app\/uploads\/2026\/02\/38181f1fe67de6a511e5a075587f98a6-1152x1536.jpg 1152w, https:\/\/www.carrefour-de-femmes.org\/app\/uploads\/2026\/02\/38181f1fe67de6a511e5a075587f98a6-9x12.jpg 9w, https:\/\/www.carrefour-de-femmes.org\/app\/uploads\/2026\/02\/38181f1fe67de6a511e5a075587f98a6.jpg 1200w\" sizes=\"auto, (max-width: 768px) 100vw, 768px\" \/><\/figure><\/div>\n\n\n\n<h3 class=\"wp-block-heading\">\u27a1\ufe0fD\u00e9tail full programme <\/h3>\n\n\n\n<div data-wp-interactive=\"core\/file\" class=\"wp-block-file\"><object data-wp-bind--hidden=\"!state.hasPdfPreview\" hidden class=\"wp-block-file__embed\" data=\"https:\/\/www.carrefour-de-femmes.org\/app\/uploads\/2026\/02\/Flyer-8-pages-8-MARS-2026-planche.pdf\" type=\"application\/pdf\" style=\"width:100%;height:600px\" aria-label=\"Embed of Flyer 8 MARS 2026.\"><\/object><a id=\"wp-block-file--media-8a473895-474d-4178-9ba7-36a5c9070843\" href=\"https:\/\/www.carrefour-de-femmes.org\/en\/app\/uploads\/2026\/02\/Flyer-8-pages-8-MARS-2026-planche.pdf\/\">Flyer 8 MARCH 2026<\/a><a href=\"https:\/\/www.carrefour-de-femmes.org\/en\/app\/uploads\/2026\/02\/Flyer-8-pages-8-MARS-2026-planche.pdf\/\" class=\"wp-block-file__button wp-element-button\" download aria-describedby=\"wp-block-file--media-8a473895-474d-4178-9ba7-36a5c9070843\">Download<\/a><\/div>\n\n\n<div class=\"mw-button__container\">\n            \n    <a href=\"\"target=\"\" class=\"mw-button mw-button__color--white mw-button__width--fit\">\n        <div class=\"mw-button__container\">\n            <div class=\"\">\n                                                <span style=\"color: white;\"  class=\"mw-typography mw-typography__size--text-md mw-typography__color--white mw-typography__family--body\">\n            <\/span>\n        \n                            <\/div>\n            \n        <\/div>\n    <\/a>\n<\/div>\n\n\n<div class=\"mw-button__container\">\n            \n    <a href=\"\"target=\"\" class=\"mw-button mw-button__color--white mw-button__width--fit\">\n        <div class=\"mw-button__container\">\n            <div class=\"\">\n                                                <span style=\"color: white;\"  class=\"mw-typography mw-typography__size--text-md mw-typography__color--white mw-typography__family--body\">\n            <\/span>\n        \n                            <\/div>\n            \n        <\/div>\n    <\/a>\n<\/div>\n\n\n<div class=\"mw-button__container\">\n            \n    <a href=\"\"target=\"\" class=\"mw-button mw-button__color--white mw-button__width--fit\">\n        <div class=\"mw-button__container\">\n            <div class=\"\">\n                                                <span style=\"color: white;\"  class=\"mw-typography mw-typography__size--text-md mw-typography__color--white mw-typography__family--body\">\n            <\/span>\n        \n                            <\/div>\n            \n        <\/div>\n    <\/a>\n<\/div>\n\n\n\n<div class=\"wp-block-buttons is-layout-flex wp-block-buttons-is-layout-flex\"><\/div>\n<\/div><\/div>\n\n\n\n<p><\/p>\n\n\n\n<h2 class=\"wp-block-heading\">Our addresses \u2b07\ufe0f<\/h2>\n\n\n\n<p><strong>Centre socio-culturel Le Trait d'Union \ud83e\udd1d<br><\/strong><em><strong>\ud83d\udccd<\/strong> Espace Pierre Perret - Cav\u00e9e des renards, Villers Saint-Paul<\/em><\/p>\n\n\n\n<p><strong>The palace \ud83c\udfb8<br><\/strong><em><strong>\ud83d\udccd<\/strong> 8 bis Rue des D\u00e9port\u00e9s, 60160 Montataire<\/em><\/p>\n\n\n\n<p><strong>Gallery of the quarry face \ud83d\udd28<br><\/strong><em><strong>\ud83d\udccd<\/strong><em>22 rue Jean Jaur\u00e8s, 60740 Saint-Maximin<\/em><\/em><\/p>\n\n\n\n<p><strong>The green corridor \ud83c\udf33<br><\/strong><em><strong>\ud83d\udccd<\/strong><em>In Saint-Leu d'Esserent<\/em><\/em><\/p>\n\n\n\n<p><strong>Maurice Schumann multimedia library \ud83d\udcda<br><\/strong><em><strong>\ud83d\udccd<\/strong><em><em>1 rue Denis Diderot, 60180 Nogent-sur-Oise<\/em><\/em><\/em><\/p>\n\n\n\n<p><strong>Espace Huberte d'Hoker \u2764\ufe0f<br><\/strong><em><strong>\ud83d\udccd<\/strong><em><em><em>2 esplanade Fernand Tuil, 60160 Montataire<\/em><\/em><\/em><\/em><\/p>\n\n\n\n<p><strong>Carrefour de Femmes \u2640\ufe0f<br><\/strong><em><strong>\ud83d\udccd<\/strong><em><em><em><em>32 Place Saint-M\u00e9dard, 60100 Creil<\/em><\/em><\/em><\/em><\/em><\/p>\n\n\n\n<p><strong>Town Hall \ud83d\udce3<br><\/strong><em><strong>\ud83d\udccd<\/strong><em><em><em><em>34 Place Saint-M\u00e9dard, 60100 Creil<\/em><\/em><\/em><\/em><\/em><\/p>\n\n\n\n<h2 class=\"wp-block-heading\">Discover the communes\u2b07\ufe0f programme<\/h2>\n\n\n\n<h3 class=\"wp-block-heading\">\ud83d\udccd Creil<\/h3>\n\n\n\n<div data-wp-interactive=\"core\/file\" class=\"wp-block-file\"><object data-wp-bind--hidden=\"!state.hasPdfPreview\" hidden class=\"wp-block-file__embed\" data=\"https:\/\/www.carrefour-de-femmes.org\/app\/uploads\/2026\/02\/JIDDF_Affiche_A4.pdf\" type=\"application\/pdf\" style=\"width:100%;height:600px\" aria-label=\"Embed of Programme Creil JDDF_A4.\"><\/object><a id=\"wp-block-file--media-e51a3d8e-3f95-481f-b8d1-a91149be42f0\" href=\"https:\/\/www.carrefour-de-femmes.org\/en\/app\/uploads\/2026\/02\/JIDDF_Affiche_A4.pdf\/\">Creil programme JDDF_A4<\/a><a href=\"https:\/\/www.carrefour-de-femmes.org\/en\/app\/uploads\/2026\/02\/JIDDF_Affiche_A4.pdf\/\" class=\"wp-block-file__button wp-element-button\" download aria-describedby=\"wp-block-file--media-e51a3d8e-3f95-481f-b8d1-a91149be42f0\">Download<\/a><\/div>\n\n\n\n<p><\/p>\n\n\n\n<h3 class=\"wp-block-heading\">\ud83d\udccd Montataire<\/h3>\n\n\n\n<div data-wp-interactive=\"core\/file\" class=\"wp-block-file\"><object data-wp-bind--hidden=\"!state.hasPdfPreview\" hidden class=\"wp-block-file__embed\" data=\"https:\/\/www.carrefour-de-femmes.org\/app\/uploads\/2026\/02\/DroitsdesFemmes2026-prop2-HD.pdf\" type=\"application\/pdf\" style=\"width:100%;height:600px\" aria-label=\"Embed of Programme Montataire JDDF.\"><\/object><a id=\"wp-block-file--media-1d4e5d32-e8fb-4e85-9e19-c15654e86f1f\" href=\"https:\/\/www.carrefour-de-femmes.org\/en\/app\/uploads\/2026\/02\/DroitsdesFemmes2026-prop2-HD.pdf\/\">Montataire JDDF programme<\/a><a href=\"https:\/\/www.carrefour-de-femmes.org\/en\/app\/uploads\/2026\/02\/DroitsdesFemmes2026-prop2-HD.pdf\/\" class=\"wp-block-file__button wp-element-button\" download aria-describedby=\"wp-block-file--media-1d4e5d32-e8fb-4e85-9e19-c15654e86f1f\">Download<\/a><\/div>\n\n\n\n<p><\/p>\n\n\n\n<h3 class=\"wp-block-heading\">\ud83d\udccd Saint-Leu-d'Esserent<\/h3>\n\n\n\n<div data-wp-interactive=\"core\/file\" class=\"wp-block-file\"><object data-wp-bind--hidden=\"!state.hasPdfPreview\" hidden class=\"wp-block-file__embed\" data=\"https:\/\/www.carrefour-de-femmes.org\/app\/uploads\/2026\/02\/2026-03-EXPO-LES-FEMMES-DANS-L-ART-1.pdf\" type=\"application\/pdf\" style=\"width:100%;height:600px\" aria-label=\"Embed of Programme Saint-Leu d&apos;Esserent JDDF.\"><\/object><a id=\"wp-block-file--media-7448719f-5629-4621-a3b2-f9c054c5a949\" href=\"https:\/\/www.carrefour-de-femmes.org\/en\/app\/uploads\/2026\/02\/2026-03-EXPO-LES-FEMMES-DANS-L-ART-1.pdf\/\">Saint-Leu d'Esserent JDDF programme<\/a><a href=\"https:\/\/www.carrefour-de-femmes.org\/en\/app\/uploads\/2026\/02\/2026-03-EXPO-LES-FEMMES-DANS-L-ART-1.pdf\/\" class=\"wp-block-file__button wp-element-button\" download aria-describedby=\"wp-block-file--media-7448719f-5629-4621-a3b2-f9c054c5a949\">Download<\/a><\/div>\n\n\n\n<p><\/p>\n\n\n\n<h3 class=\"wp-block-heading\">\ud83d\udccdSaint-Maximin<\/h3>\n\n\n\n<div data-wp-interactive=\"core\/file\" class=\"wp-block-file\"><object data-wp-bind--hidden=\"!state.hasPdfPreview\" hidden class=\"wp-block-file__embed\" data=\"https:\/\/www.carrefour-de-femmes.org\/app\/uploads\/2026\/02\/story-escapade-1-1.pdf\" type=\"application\/pdf\" style=\"width:100%;height:600px\" aria-label=\"Embed of Programme Saint-Maximin JDDF.\"><\/object><a id=\"wp-block-file--media-fd4c31ca-0db8-462b-b840-dc9c23bf07ea\" href=\"https:\/\/www.carrefour-de-femmes.org\/en\/app\/uploads\/2026\/02\/story-escapade-1-1.pdf\/\">Saint-Maximin JDDF programme<\/a><a href=\"https:\/\/www.carrefour-de-femmes.org\/en\/app\/uploads\/2026\/02\/story-escapade-1-1.pdf\/\" class=\"wp-block-file__button wp-element-button\" download aria-describedby=\"wp-block-file--media-fd4c31ca-0db8-462b-b840-dc9c23bf07ea\">Download<\/a><\/div>\n\n\n\n<p><\/p>\n\n\n\n<p><\/p>\n\n\n\n<p><\/p>\n\n\n\n<div class=\"wp-block-media-text is-stacked-on-mobile\" style=\"grid-template-columns:20% auto\"><figure class=\"wp-block-media-text__media\"><img loading=\"lazy\" decoding=\"async\" width=\"740\" height=\"740\" src=\"https:\/\/www.carrefour-de-femmes.org\/app\/uploads\/2026\/02\/illustration-femme-donnant-pouce-air-dans-style-conception-plat_995281-8608.avif\" alt=\"\" class=\"wp-image-1791 size-full\"\/><\/figure><div class=\"wp-block-media-text__content\">\n<p>Whether you come to create, move, reflect or just have a good time, <strong>this afternoon is for you<\/strong>.<br>Join us and let us take you on a journey of inspiration and conviviality!<\/p>\n<\/div><\/div>","protected":false},"excerpt":{"rendered":"<p>Dans le cadre du 8 mars, Carrefour de femmes vous propose une apr\u00e8s-midi d\u2019animation\u00a0! \u2640\ufe0f Venez vivre une apr\u00e8s\u2011midi riche, cr\u00e9ative et ressour\u00e7ante, autour du bien\u2011\u00eatre, de la d\u00e9couverte et \u00e0 la mise en lumi\u00e8re de femmes inspirantes.Entre ateliers participatifs, spectacles engag\u00e9s et moments de d\u00e9tente, cette journ\u00e9e est pens\u00e9e pour vous offrir un espace [&hellip;]<\/p>\n","protected":false},"featured_media":1796,"template":"","meta":{"_acf_changed":false,"_uag_custom_page_level_css":""},"event-category":[],"class_list":["post-1807","event","type-event","status-publish","has-post-thumbnail","hentry"],"acf":[],"uagb_featured_image_src":{"full":["https:\/\/www.carrefour-de-femmes.org\/app\/uploads\/2026\/02\/1.jpg",1080,1350,false],"thumbnail":["https:\/\/www.carrefour-de-femmes.org\/app\/uploads\/2026\/02\/1-150x150.jpg",150,150,true],"medium":["https:\/\/www.carrefour-de-femmes.org\/app\/uploads\/2026\/02\/1-240x300.jpg",240,300,true],"medium_large":["https:\/\/www.carrefour-de-femmes.org\/app\/uploads\/2026\/02\/1-768x960.jpg",768,960,true],"large":["https:\/\/www.carrefour-de-femmes.org\/app\/uploads\/2026\/02\/1-819x1024.jpg",819,1024,true],"1536x1536":["https:\/\/www.carrefour-de-femmes.org\/app\/uploads\/2026\/02\/1.jpg",1080,1350,false],"2048x2048":["https:\/\/www.carrefour-de-femmes.org\/app\/uploads\/2026\/02\/1.jpg",1080,1350,false],"trp-custom-language-flag":["https:\/\/www.carrefour-de-femmes.org\/app\/uploads\/2026\/02\/1-10x12.jpg",10,12,true],"gform-image-choice-sm":["https:\/\/www.carrefour-de-femmes.org\/app\/uploads\/2026\/02\/1.jpg",240,300,false],"gform-image-choice-md":["https:\/\/www.carrefour-de-femmes.org\/app\/uploads\/2026\/02\/1.jpg",320,400,false],"gform-image-choice-lg":["https:\/\/www.carrefour-de-femmes.org\/app\/uploads\/2026\/02\/1.jpg",480,600,false]},"uagb_author_info":{"display_name":"Sheryll Presna","author_link":"https:\/\/www.carrefour-de-femmes.org\/en\/actualites\/author\/"},"uagb_comment_info":0,"uagb_excerpt":"Dans le cadre du 8 mars, Carrefour de femmes vous propose une apr\u00e8s-midi d\u2019animation\u00a0! \u2640\ufe0f Venez vivre une apr\u00e8s\u2011midi riche, cr\u00e9ative et ressour\u00e7ante, autour du bien\u2011\u00eatre, de la d\u00e9couverte et \u00e0 la mise en lumi\u00e8re de femmes inspirantes.Entre ateliers participatifs, spectacles engag\u00e9s et moments de d\u00e9tente, cette journ\u00e9e est pens\u00e9e pour vous offrir un espace&hellip;","_links":{"self":[{"href":"https:\/\/www.carrefour-de-femmes.org\/en\/wp-json\/wp\/v2\/event\/1807","targetHints":{"allow":["GET"]}}],"collection":[{"href":"https:\/\/www.carrefour-de-femmes.org\/en\/wp-json\/wp\/v2\/event"}],"about":[{"href":"https:\/\/www.carrefour-de-femmes.org\/en\/wp-json\/wp\/v2\/types\/event"}],"wp:featuredmedia":[{"embeddable":true,"href":"https:\/\/www.carrefour-de-femmes.org\/en\/wp-json\/wp\/v2\/media\/1796"}],"wp:attachment":[{"href":"https:\/\/www.carrefour-de-femmes.org\/en\/wp-json\/wp\/v2\/media?parent=1807"}],"wp:term":[{"taxonomy":"event-category","embeddable":true,"href":"https:\/\/www.carrefour-de-femmes.org\/en\/wp-json\/wp\/v2\/event-category?post=1807"}],"curies":[{"name":"wp","href":"https:\/\/api.w.org\/{rel}","templated":true}]}}