{"id":1807,"date":"2026-02-19T16:40:18","date_gmt":"2026-02-19T15:40:18","guid":{"rendered":"https:\/\/www.carrefour-de-femmes.org\/?post_type=event&#038;p=1807"},"modified":"2026-02-27T14:16:05","modified_gmt":"2026-02-27T13:16:05","slug":"8-marz-internationaler-tag-der-frauenrechte","status":"publish","type":"event","link":"https:\/\/www.carrefour-de-femmes.org\/de\/evenements\/8-mars-journee-internationale-du-droit-des-femmes\/","title":{"rendered":"8. M\u00e4rz - Internationaler Tag der Rechte der Frauen"},"content":{"rendered":"<div class=\"wp-block-uagb-container uagb-block-a97c4a75 alignfull uagb-is-root-container\"><div class=\"uagb-container-inner-blocks-wrap\">\n<h4 class=\"wp-block-heading\">Im Rahmen des 8. M\u00e4rz bietet Ihnen Carrefour de femmes einen Nachmittag voller Unterhaltung! \u2640\ufe0f<\/h4>\n\n\n\n<p>Erleben Sie einen abwechslungsreichen, kreativen und erfrischenden Nachmittag rund um das Wohlbefinden, die Entdeckung und das Hervorheben von inspirierenden Frauen.<br>Zwischen partizipativen Workshops, engagierten Auff\u00fchrungen und Momenten der Entspannung ist dieser Tag so konzipiert, dass er Ihnen einen warmen, lebendigen und offenen Raum bietet, in dem jede und jeder lernen, kreativ sein und sich entfalten kann.<\/p>\n\n\n\n<figure class=\"wp-block-embed is-type-video is-provider-youtube wp-block-embed-youtube wp-embed-aspect-16-9 wp-has-aspect-ratio\"><div class=\"wp-block-embed__wrapper\">\n<iframe loading=\"lazy\" title=\"Internationaler Tag der Frauenrechte\" width=\"500\" height=\"281\" src=\"https:\/\/www.youtube.com\/embed\/mjBNHeC3os4?feature=oembed\" frameborder=\"0\" allow=\"accelerometer; autoplay; clipboard-write; encrypted-media; gyroscope; picture-in-picture; web-share\" referrerpolicy=\"strict-origin-when-cross-origin\" allowfullscreen><\/iframe>\n<\/div><\/figure>\n\n\n\n<h3 class=\"wp-block-heading\"><strong>\ud83d\udcc5<\/strong> <strong>Samstag, 7. M\u00e4rz<br><strong>\ud83d\udccd<\/strong> <strong>Kulturraum La Fa\u00efencerie, All\u00e9e Nelson, 60100 Creil<\/strong><\/strong><\/h3>\n\n\n\n<p><strong>Ab 13:30 Uhr<\/strong><\/p>\n\n\n\n<p><strong>\u2728<\/strong><strong> AUF DEM PROGRAMM<\/strong><\/p>\n\n\n\n<p><strong>\ud83e\uddf4<\/strong><strong> Do It Yourself-Workshop - Selbstgemachte Kosmetika<\/strong><\/p>\n\n\n\n<p>Mit <em>Evas Natur<\/em>, Lernen Sie, wie Sie Ihre eigenen nat\u00fcrlichen, hautfreundlichen Produkte herstellen, die perfekt f\u00fcr den Winter geeignet sind:<\/p>\n\n\n\n<ul class=\"wp-block-list\">\n<li><strong>13.30 Uhr: Herstellung eines Deodorants<\/strong><\/li>\n\n\n\n<li><strong>14.45 Uhr: Herstellung eines Lippenbalsams<\/strong><\/li>\n\n\n\n<li><strong>16.00 Uhr: Herstellung von Feuchtigkeitsgel<\/strong><br>\u27a1\ufe0f <em>Anmeldungen per SMS an 06 31 52 22 44<\/em><\/li>\n<\/ul>\n\n\n\n<p><strong>\ud83e\uddd8<\/strong><strong> Yoga - Echte Zeit f\u00fcr sich selbst!<\/strong><\/p>\n\n\n\n<p><strong>13:30 bis 15:30 Uhr<\/strong><br>Zwei Stunden, um den K\u00f6rper zu lockern, den Geist zu beruhigen und neue Energie zu sch\u00f6pfen durch <em>Sandies Studio<\/em>.<br>Offen f\u00fcr alle Niveaus.<\/p>\n\n\n\n<p><strong>\ud83c\udfad<\/strong><strong> Schauspiel \u00abFer \u00e0 Coudre\u00bb (N\u00e4herei)\u00bb<\/strong><\/p>\n\n\n\n<p><strong>14h bis 15h<\/strong><br>Wussten Sie schon? Mehrere ber\u00fchmte Frauen geben unseren \u00f6ffentlichen Pl\u00e4tzen ihren Namen!<br>In dieser lebhaften, poetischen und eindringlichen Auff\u00fchrung erfahren Sie mehr \u00fcber ihre inspirierenden Lebenswege und die K\u00e4mpfe, die sie gef\u00fchrt haben.<br>Eine rhythmische, moderne und ma\u00dfgeschneiderte Performance, erdacht von der <em>Compagnie du Fer \u00e0 Coudre<\/em>.<br>Eine einzigartige Kreation ... nur f\u00fcr Sie.<\/p>\n\n\n\n<p><strong>Konzert des feministischen Chors \u00abLa voix est libre\u00bb (Die Stimme ist frei)\u00bb<br>Von 15:30 bis 16:15 Uhr<\/strong><br>Eine vibrierende, kollektive Auszeit, in der sich die Stimmen um engagierte Lieder vereinen.<br>Ein m\u00e4chtiger und verbindender Moment<strong>.<\/strong><\/p>\n\n\n\n<p><strong>Vorf\u00fchrung des Kurzfilms \u201cLa petite voix\u201d (Die kleine Stimme)\u201d<\/strong><br><strong>16.30-17.00 Uhr<\/strong><br>Ein Film von Sch\u00fclerinnen und Sch\u00fclern der Seconde des Lyc\u00e9e Jules Uhry,<br>in der das Recht auf Abtreibung auf einf\u00fchlsame Weise thematisiert wird.<br>Dieses Projekt wurde im Rahmen des nationalen Programms \"S\u00e9quences Femmes\" (8. Ausgabe) durchgef\u00fchrt,<\/p>\n\n\n\n<p><\/p>\n\n\n\n<p><strong>\ud83e\udd4b<\/strong><strong> Einf\u00fchrung in die Selbstverteidigung<\/strong><\/p>\n\n\n\n<p>Lernen Sie einfache Schritte, um sich zu sch\u00fctzen, Ihr Selbstvertrauen zu st\u00e4rken und sich Ihrer F\u00e4higkeiten bewusst zu werden.<br>Zwei Sitzungen : <strong>14h<\/strong> und <strong>15h30<\/strong><\/p>\n\n\n\n<p><strong>\ud83e\uddf5<\/strong><strong> Workshop Stickerei auf Foto<br>S<\/strong><strong>essions angeboten von 14:30 bis 16:30 Uhr<\/strong><br>Ein kreativer Moment, um sich auszutauschen, zu lernen und mit einem einzigartigen St\u00fcck nach Hause zu gehen.<br>\u27a1\ufe0f <em>Anmeldungen per SMS an 06 31 52 22 44<\/em><\/p>\n\n\n\n<p><strong><br>Ausstellung: \u00abGeschichten von Frauen aus der Region\u00bb.\u00bb<br><\/strong>Ber\u00fchrende Werke von Frauen aus Creil, Villers-Saint-Paul und Nogent-sur-Oise, die von reichen und inspirierenden Lebenswegen erz\u00e4hlen.<br>Eine sensible, intime und kraftvolle Ausstellung.<\/p>\n\n\n\n<p><strong>ATELIER TERRE - MODELLIEREN<\/strong><br><strong>Von 14h bis 18h - mit Anmeldung - 3 Sitzungen<br><\/strong>Entdecken Sie die Freude am Modellieren von Materie!<br>Ein einfacher, kreativer und entspannender Workshop, in dem Sie Ihre Ideen mit den Fingerspitzen formen k\u00f6nnen. Ob Anf\u00e4nger\/in oder Fortgeschrittene\/r, lassen Sie sich anleiten und gestalten Sie Ihr eigenes St\u00fcck.<br>\u27a1\ufe0f <em>Anmeldungen per SMS an 06 31 52 22 44<\/em><\/p>\n\n\n\n<hr class=\"wp-block-separator has-alpha-channel-opacity\"\/>\n\n\n\n<p><\/p>\n\n\n\n<h3 class=\"wp-block-heading\"><strong>\ud83d\udccd<\/strong> <strong>In der Mediathek Colette, 28 Bd de la R\u00e9publique, 60870 Viller-Saint-Paul<\/strong><\/h3>\n\n\n\n<p><strong>Literaturcaf\u00e9 speziell f\u00fcr Autorinnen<\/strong><br><strong>Ab 14 Uhr<br><\/strong>Ein Moment des Austauschs und der Entdeckung rund um mehrere weibliche Stimmen der Literatur. Kostenlos, ohne Anmeldung<\/p>\n\n\n\n<h2 class=\"wp-block-heading\">Kino in der Fa\u00efencerie \ud83c\udfa5\ud83c\udf7f.<\/h2>\n\n\n\n<h4 class=\"wp-block-heading\">\ud83c\udf70 Der Kuchen des Pr\u00e4sidenten | Um 14:30 Uhr | <em>Preis zwischen 4\u20ac und 7\u20ac<\/em><\/h4>\n\n\n\n<div class=\"wp-block-media-text is-stacked-on-mobile\" style=\"grid-template-columns:51% auto\"><figure class=\"wp-block-media-text__media\"><img loading=\"lazy\" decoding=\"async\" width=\"768\" height=\"1024\" src=\"https:\/\/www.carrefour-de-femmes.org\/app\/uploads\/2026\/02\/e6195fdd0bbba065280ae124d28ea94b-768x1024.jpg\" alt=\"\" class=\"wp-image-1825 size-full\" srcset=\"https:\/\/www.carrefour-de-femmes.org\/app\/uploads\/2026\/02\/e6195fdd0bbba065280ae124d28ea94b-768x1024.jpg 768w, https:\/\/www.carrefour-de-femmes.org\/app\/uploads\/2026\/02\/e6195fdd0bbba065280ae124d28ea94b-225x300.jpg 225w, https:\/\/www.carrefour-de-femmes.org\/app\/uploads\/2026\/02\/e6195fdd0bbba065280ae124d28ea94b-1152x1536.jpg 1152w, https:\/\/www.carrefour-de-femmes.org\/app\/uploads\/2026\/02\/e6195fdd0bbba065280ae124d28ea94b-9x12.jpg 9w, https:\/\/www.carrefour-de-femmes.org\/app\/uploads\/2026\/02\/e6195fdd0bbba065280ae124d28ea94b.jpg 1200w\" sizes=\"auto, (max-width: 768px) 100vw, 768px\" \/><\/figure><div class=\"wp-block-media-text__content\">\n<p>Im Irak unter Saddam Hussein soll die neunj\u00e4hrige Lamia einen Kuchen f\u00fcr den Geburtstag des Pr\u00e4sidenten backen. Mit ihrem Freund Seed macht sie sich auf die Suche nach den Zutaten und enth\u00fcllt dabei den Alltag von Kindern, die in der Diktatur gefangen sind<\/p>\n\n\n\n<p><\/p>\n\n\n\n<p><em>Ein sensibler Film, der mit Laiendarstellern gedreht wurde, in Cannes 2026 ausgezeichnet wurde und ein Kandidat f\u00fcr die Oscars ist. Ausgezeichnet bei der Quinzaine des Cin\u00e9astes (Publikumspreis), Gewinner der Goldenen Kamera in Cannes 2026 und irakischer Kandidat f\u00fcr die Oscars.<\/em><\/p>\n<\/div><\/div>\n\n\n\n<p><\/p>\n\n\n\n<h4 class=\"wp-block-heading\">\u2640\ufe0f La Vie apr\u00e8s Siham | Um 20 Uhr | Preis zwischen 4\u20ac und 7\u20ac.<\/h4>\n\n\n\n<div class=\"wp-block-media-text has-media-on-the-right is-stacked-on-mobile\"><div class=\"wp-block-media-text__content\">\n<p>Nach dem Tod seiner Mutter beschlie\u00dft Namir, Filme zu drehen, um ihr die letzte Ehre zu erweisen. Zwischen Erinnerungen, Familienarchiven und \u00e4gyptischem Kino komponiert er eine vibrierende Erz\u00e4hlung \u00fcber die Weitergabe und die Liebe, die bleibt<\/p>\n\n\n\n<p><em>Ausgezeichnet auf zahlreichen Festivals in Frankreich und international, u. a. in Valenciennes, Amiens, Fameck, Z\u00fcrich, Sevilla und El Gouna<\/em><\/p>\n<\/div><figure class=\"wp-block-media-text__media\"><img loading=\"lazy\" decoding=\"async\" width=\"768\" height=\"1024\" src=\"https:\/\/www.carrefour-de-femmes.org\/app\/uploads\/2026\/02\/38181f1fe67de6a511e5a075587f98a6-768x1024.jpg\" alt=\"\" class=\"wp-image-1827 size-full\" srcset=\"https:\/\/www.carrefour-de-femmes.org\/app\/uploads\/2026\/02\/38181f1fe67de6a511e5a075587f98a6-768x1024.jpg 768w, https:\/\/www.carrefour-de-femmes.org\/app\/uploads\/2026\/02\/38181f1fe67de6a511e5a075587f98a6-225x300.jpg 225w, https:\/\/www.carrefour-de-femmes.org\/app\/uploads\/2026\/02\/38181f1fe67de6a511e5a075587f98a6-1152x1536.jpg 1152w, https:\/\/www.carrefour-de-femmes.org\/app\/uploads\/2026\/02\/38181f1fe67de6a511e5a075587f98a6-9x12.jpg 9w, https:\/\/www.carrefour-de-femmes.org\/app\/uploads\/2026\/02\/38181f1fe67de6a511e5a075587f98a6.jpg 1200w\" sizes=\"auto, (max-width: 768px) 100vw, 768px\" \/><\/figure><\/div>\n\n\n\n<h3 class=\"wp-block-heading\">\u27a1\ufe0fD\u00e9tail vollst\u00e4ndige Programmierung <\/h3>\n\n\n\n<div data-wp-interactive=\"core\/file\" class=\"wp-block-file\"><object data-wp-bind--hidden=\"!state.hasPdfPreview\" hidden class=\"wp-block-file__embed\" data=\"https:\/\/www.carrefour-de-femmes.org\/app\/uploads\/2026\/02\/Flyer-8-pages-8-MARS-2026-planche.pdf\" type=\"application\/pdf\" style=\"width:100%;height:600px\" aria-label=\"Einbettung von Flyer 8 MARS 2026.\"><\/object><a id=\"wp-block-file--media-8a473895-474d-4178-9ba7-36a5c9070843\" href=\"https:\/\/www.carrefour-de-femmes.org\/de\/app\/uploads\/2026\/02\/Flyer-8-pages-8-MARS-2026-planche.pdf\/\">Flyer 8. M\u00c4RZ 2026<\/a><a href=\"https:\/\/www.carrefour-de-femmes.org\/de\/app\/uploads\/2026\/02\/Flyer-8-pages-8-MARS-2026-planche.pdf\/\" class=\"wp-block-file__button wp-element-button\" download aria-describedby=\"wp-block-file--media-8a473895-474d-4178-9ba7-36a5c9070843\">Download<\/a><\/div>\n\n\n<div class=\"mw-button__container\">\n            \n    <a href=\"\"target=\"\" class=\"mw-button mw-button__color--white mw-button__width--fit\">\n        <div class=\"mw-button__container\">\n            <div class=\"\">\n                                                <span style=\"color: white;\"  class=\"mw-typography mw-typography__size--text-md mw-typography__color--white mw-typography__family--body\">\n            <\/span>\n        \n                            <\/div>\n            \n        <\/div>\n    <\/a>\n<\/div>\n\n\n<div class=\"mw-button__container\">\n            \n    <a href=\"\"target=\"\" class=\"mw-button mw-button__color--white mw-button__width--fit\">\n        <div class=\"mw-button__container\">\n            <div class=\"\">\n                                                <span style=\"color: white;\"  class=\"mw-typography mw-typography__size--text-md mw-typography__color--white mw-typography__family--body\">\n            <\/span>\n        \n                            <\/div>\n            \n        <\/div>\n    <\/a>\n<\/div>\n\n\n<div class=\"mw-button__container\">\n            \n    <a href=\"\"target=\"\" class=\"mw-button mw-button__color--white mw-button__width--fit\">\n        <div class=\"mw-button__container\">\n            <div class=\"\">\n                                                <span style=\"color: white;\"  class=\"mw-typography mw-typography__size--text-md mw-typography__color--white mw-typography__family--body\">\n            <\/span>\n        \n                            <\/div>\n            \n        <\/div>\n    <\/a>\n<\/div>\n\n\n\n<div class=\"wp-block-buttons is-layout-flex wp-block-buttons-is-layout-flex\"><\/div>\n<\/div><\/div>\n\n\n\n<p><\/p>\n\n\n\n<h2 class=\"wp-block-heading\">Unsere Adressen \u2b07\ufe0f<\/h2>\n\n\n\n<p><strong>Soziokulturelles Zentrum Le Trait d'Union \ud83e\udd1d.<br><\/strong><em><strong>\ud83d\udccd<\/strong> Espace Pierre Perret - Cav\u00e9e des renards in Villers Saint-Paul<\/em><\/p>\n\n\n\n<p><strong>Der Palast \ud83c\udfb8\ud83c\udfb8.<br><\/strong><em><strong>\ud83d\udccd<\/strong> 8 bis Rue des D\u00e9port\u00e9s, 60160 Montataire<\/em><\/p>\n\n\n\n<p><strong>Galerie an der Schlifffront \ud83d\udd28.<br><\/strong><em><strong>\ud83d\udccd<\/strong><em>22 rue Jean Jaur\u00e8s, 60740 Saint-Maximin<\/em><\/em><\/p>\n\n\n\n<p><strong>Der gr\u00fcne Korridor \ud83c\udf33.<br><\/strong><em><strong>\ud83d\udccd<\/strong><em>In Saint-Leu d'Esserent<\/em><\/em><\/p>\n\n\n\n<p><strong>Mediathek Maurice Schumann \ud83d\udcda.<br><\/strong><em><strong>\ud83d\udccd<\/strong><em><em>1 rue Denis Diderot, 60180 Nogent-sur-Oise<\/em><\/em><\/em><\/p>\n\n\n\n<p><strong>Raum Huberte d'Hoker \u2764\ufe0f<br><\/strong><em><strong>\ud83d\udccd<\/strong><em><em><em>2 esplanade Fernand Tuil, 60160 Montataire<\/em><\/em><\/em><\/em><\/p>\n\n\n\n<p><strong>Carrefour de Femmes \u2640\ufe0f<br><\/strong><em><strong>\ud83d\udccd<\/strong><em><em><em><em>32 Place Saint-M\u00e9dard, 60100 Creil<\/em><\/em><\/em><\/em><\/em><\/p>\n\n\n\n<p><strong>Stadthaus \ud83d\udce3\ud83d\udce3.<br><\/strong><em><strong>\ud83d\udccd<\/strong><em><em><em><em>34 Place Saint-M\u00e9dard, 60100 Creil<\/em><\/em><\/em><\/em><\/em><\/p>\n\n\n\n<h2 class=\"wp-block-heading\">Entdecken Sie das Programm von communes\u2b07\ufe0f<\/h2>\n\n\n\n<h3 class=\"wp-block-heading\">\ud83d\udccd Creil<\/h3>\n\n\n\n<div data-wp-interactive=\"core\/file\" class=\"wp-block-file\"><object data-wp-bind--hidden=\"!state.hasPdfPreview\" hidden class=\"wp-block-file__embed\" data=\"https:\/\/www.carrefour-de-femmes.org\/app\/uploads\/2026\/02\/JIDDF_Affiche_A4.pdf\" type=\"application\/pdf\" style=\"width:100%;height:600px\" aria-label=\"Einbettung von Programme Creil JDDF_A4.\"><\/object><a id=\"wp-block-file--media-e51a3d8e-3f95-481f-b8d1-a91149be42f0\" href=\"https:\/\/www.carrefour-de-femmes.org\/de\/app\/uploads\/2026\/02\/JIDDF_Affiche_A4.pdf\/\">Programm Creil JDDF_A4<\/a><a href=\"https:\/\/www.carrefour-de-femmes.org\/de\/app\/uploads\/2026\/02\/JIDDF_Affiche_A4.pdf\/\" class=\"wp-block-file__button wp-element-button\" download aria-describedby=\"wp-block-file--media-e51a3d8e-3f95-481f-b8d1-a91149be42f0\">Download<\/a><\/div>\n\n\n\n<p><\/p>\n\n\n\n<h3 class=\"wp-block-heading\">\ud83d\udccd Montataire<\/h3>\n\n\n\n<div data-wp-interactive=\"core\/file\" class=\"wp-block-file\"><object data-wp-bind--hidden=\"!state.hasPdfPreview\" hidden class=\"wp-block-file__embed\" data=\"https:\/\/www.carrefour-de-femmes.org\/app\/uploads\/2026\/02\/DroitsdesFemmes2026-prop2-HD.pdf\" type=\"application\/pdf\" style=\"width:100%;height:600px\" aria-label=\"Einbettung von Programme Montataire JDDF.\"><\/object><a id=\"wp-block-file--media-1d4e5d32-e8fb-4e85-9e19-c15654e86f1f\" href=\"https:\/\/www.carrefour-de-femmes.org\/de\/app\/uploads\/2026\/02\/DroitsdesFemmes2026-prop2-HD.pdf\/\">Programm Montataire JDDF<\/a><a href=\"https:\/\/www.carrefour-de-femmes.org\/de\/app\/uploads\/2026\/02\/DroitsdesFemmes2026-prop2-HD.pdf\/\" class=\"wp-block-file__button wp-element-button\" download aria-describedby=\"wp-block-file--media-1d4e5d32-e8fb-4e85-9e19-c15654e86f1f\">Download<\/a><\/div>\n\n\n\n<p><\/p>\n\n\n\n<h3 class=\"wp-block-heading\">\ud83d\udccd Saint-Leu-d'Esserent<\/h3>\n\n\n\n<div data-wp-interactive=\"core\/file\" class=\"wp-block-file\"><object data-wp-bind--hidden=\"!state.hasPdfPreview\" hidden class=\"wp-block-file__embed\" data=\"https:\/\/www.carrefour-de-femmes.org\/app\/uploads\/2026\/02\/2026-03-EXPO-LES-FEMMES-DANS-L-ART-1.pdf\" type=\"application\/pdf\" style=\"width:100%;height:600px\" aria-label=\"Einbettung von Programme Saint-Leu d&apos;Esserent JDDF.\"><\/object><a id=\"wp-block-file--media-7448719f-5629-4621-a3b2-f9c054c5a949\" href=\"https:\/\/www.carrefour-de-femmes.org\/de\/app\/uploads\/2026\/02\/2026-03-EXPO-LES-FEMMES-DANS-L-ART-1.pdf\/\">Programm Saint-Leu d'Esserent JDDF<\/a><a href=\"https:\/\/www.carrefour-de-femmes.org\/de\/app\/uploads\/2026\/02\/2026-03-EXPO-LES-FEMMES-DANS-L-ART-1.pdf\/\" class=\"wp-block-file__button wp-element-button\" download aria-describedby=\"wp-block-file--media-7448719f-5629-4621-a3b2-f9c054c5a949\">Download<\/a><\/div>\n\n\n\n<p><\/p>\n\n\n\n<h3 class=\"wp-block-heading\">\ud83d\udccdSaint-Maximin<\/h3>\n\n\n\n<div data-wp-interactive=\"core\/file\" class=\"wp-block-file\"><object data-wp-bind--hidden=\"!state.hasPdfPreview\" hidden class=\"wp-block-file__embed\" data=\"https:\/\/www.carrefour-de-femmes.org\/app\/uploads\/2026\/02\/story-escapade-1-1.pdf\" type=\"application\/pdf\" style=\"width:100%;height:600px\" aria-label=\"Einbettung von Programme Saint-Maximin JDDF.\"><\/object><a id=\"wp-block-file--media-fd4c31ca-0db8-462b-b840-dc9c23bf07ea\" href=\"https:\/\/www.carrefour-de-femmes.org\/de\/app\/uploads\/2026\/02\/story-escapade-1-1.pdf\/\">Programm Saint-Maximin JDDF<\/a><a href=\"https:\/\/www.carrefour-de-femmes.org\/de\/app\/uploads\/2026\/02\/story-escapade-1-1.pdf\/\" class=\"wp-block-file__button wp-element-button\" download aria-describedby=\"wp-block-file--media-fd4c31ca-0db8-462b-b840-dc9c23bf07ea\">Download<\/a><\/div>\n\n\n\n<p><\/p>\n\n\n\n<p><\/p>\n\n\n\n<p><\/p>\n\n\n\n<div class=\"wp-block-media-text is-stacked-on-mobile\" style=\"grid-template-columns:20% auto\"><figure class=\"wp-block-media-text__media\"><img loading=\"lazy\" decoding=\"async\" width=\"740\" height=\"740\" src=\"https:\/\/www.carrefour-de-femmes.org\/app\/uploads\/2026\/02\/illustration-femme-donnant-pouce-air-dans-style-conception-plat_995281-8608.avif\" alt=\"\" class=\"wp-image-1791 size-full\"\/><\/figure><div class=\"wp-block-media-text__content\">\n<p>Egal, ob Sie kommen, um etwas zu erschaffen, sich zu bewegen, nachzudenken oder einfach nur eine gute Zeit zu verbringen, <strong>dieser Nachmittag ist genau das Richtige f\u00fcr Sie<\/strong>.<br>Schlie\u00dfen Sie sich uns an und lassen Sie sich treiben: Inspiration und Geselligkeit sind garantiert!<\/p>\n<\/div><\/div>","protected":false},"excerpt":{"rendered":"<p>Dans le cadre du 8 mars, Carrefour de femmes vous propose une apr\u00e8s-midi d\u2019animation\u00a0! \u2640\ufe0f Venez vivre une apr\u00e8s\u2011midi riche, cr\u00e9ative et ressour\u00e7ante, autour du bien\u2011\u00eatre, de la d\u00e9couverte et \u00e0 la mise en lumi\u00e8re de femmes inspirantes.Entre ateliers participatifs, spectacles engag\u00e9s et moments de d\u00e9tente, cette journ\u00e9e est pens\u00e9e pour vous offrir un espace [&hellip;]<\/p>\n","protected":false},"featured_media":1796,"template":"","meta":{"_acf_changed":false,"_uag_custom_page_level_css":""},"event-category":[],"class_list":["post-1807","event","type-event","status-publish","has-post-thumbnail","hentry"],"acf":[],"uagb_featured_image_src":{"full":["https:\/\/www.carrefour-de-femmes.org\/app\/uploads\/2026\/02\/1.jpg",1080,1350,false],"thumbnail":["https:\/\/www.carrefour-de-femmes.org\/app\/uploads\/2026\/02\/1-150x150.jpg",150,150,true],"medium":["https:\/\/www.carrefour-de-femmes.org\/app\/uploads\/2026\/02\/1-240x300.jpg",240,300,true],"medium_large":["https:\/\/www.carrefour-de-femmes.org\/app\/uploads\/2026\/02\/1-768x960.jpg",768,960,true],"large":["https:\/\/www.carrefour-de-femmes.org\/app\/uploads\/2026\/02\/1-819x1024.jpg",819,1024,true],"1536x1536":["https:\/\/www.carrefour-de-femmes.org\/app\/uploads\/2026\/02\/1.jpg",1080,1350,false],"2048x2048":["https:\/\/www.carrefour-de-femmes.org\/app\/uploads\/2026\/02\/1.jpg",1080,1350,false],"trp-custom-language-flag":["https:\/\/www.carrefour-de-femmes.org\/app\/uploads\/2026\/02\/1-10x12.jpg",10,12,true],"gform-image-choice-sm":["https:\/\/www.carrefour-de-femmes.org\/app\/uploads\/2026\/02\/1.jpg",240,300,false],"gform-image-choice-md":["https:\/\/www.carrefour-de-femmes.org\/app\/uploads\/2026\/02\/1.jpg",320,400,false],"gform-image-choice-lg":["https:\/\/www.carrefour-de-femmes.org\/app\/uploads\/2026\/02\/1.jpg",480,600,false]},"uagb_author_info":{"display_name":"Sheryll Presna","author_link":"https:\/\/www.carrefour-de-femmes.org\/de\/actualites\/author\/"},"uagb_comment_info":0,"uagb_excerpt":"Dans le cadre du 8 mars, Carrefour de femmes vous propose une apr\u00e8s-midi d\u2019animation\u00a0! \u2640\ufe0f Venez vivre une apr\u00e8s\u2011midi riche, cr\u00e9ative et ressour\u00e7ante, autour du bien\u2011\u00eatre, de la d\u00e9couverte et \u00e0 la mise en lumi\u00e8re de femmes inspirantes.Entre ateliers participatifs, spectacles engag\u00e9s et moments de d\u00e9tente, cette journ\u00e9e est pens\u00e9e pour vous offrir un espace&hellip;","_links":{"self":[{"href":"https:\/\/www.carrefour-de-femmes.org\/de\/wp-json\/wp\/v2\/event\/1807","targetHints":{"allow":["GET"]}}],"collection":[{"href":"https:\/\/www.carrefour-de-femmes.org\/de\/wp-json\/wp\/v2\/event"}],"about":[{"href":"https:\/\/www.carrefour-de-femmes.org\/de\/wp-json\/wp\/v2\/types\/event"}],"wp:featuredmedia":[{"embeddable":true,"href":"https:\/\/www.carrefour-de-femmes.org\/de\/wp-json\/wp\/v2\/media\/1796"}],"wp:attachment":[{"href":"https:\/\/www.carrefour-de-femmes.org\/de\/wp-json\/wp\/v2\/media?parent=1807"}],"wp:term":[{"taxonomy":"event-category","embeddable":true,"href":"https:\/\/www.carrefour-de-femmes.org\/de\/wp-json\/wp\/v2\/event-category?post=1807"}],"curies":[{"name":"wp","href":"https:\/\/api.w.org\/{rel}","templated":true}]}}