{"id":1421,"date":"2025-07-01T08:19:06","date_gmt":"2025-07-01T07:19:06","guid":{"rendered":"https:\/\/www.carrefour-de-femmes.org\/?post_type=event&#038;p=1421"},"modified":"2025-07-01T08:21:52","modified_gmt":"2025-07-01T07:21:52","slug":"%d9%83%d8%b1%d9%8a%d9%84-%d8%b3%d9%8a%d8%b3%d8%aa-%d9%84%d9%8a%d8%aa%d9%8a-%d9%84%d9%84%d8%a3%d9%84%d8%b9%d8%a7%d8%a8-%d9%88%d9%88%d8%b1%d8%b4-%d8%a7%d9%84%d8%b9%d9%85%d9%84-%d8%a7%d9%84%d8%a5%d8%a8-3","status":"publish","type":"event","link":"https:\/\/www.carrefour-de-femmes.org\/ar\/evenements\/creil-cest-lete-jeux-et-ateliers-creatifs-2\/","title":{"rendered":"\u0643\u0631\u064a\u0644 \u0647\u0648 \u0627\u0644\u0635\u064a\u0641! \u0627\u0644\u0623\u0644\u0639\u0627\u0628 \u0648\u0648\u0631\u0634 \u0627\u0644\u0639\u0645\u0644 \u0627\u0644\u0625\u0628\u062f\u0627\u0639\u064a\u0629"},"content":{"rendered":"<p>\u062a\u0639\u0627\u0644 \u0648\u0627\u0633\u062a\u0645\u062a\u0639 \u0647\u0630\u0627 \u0627\u0644\u0635\u064a\u0641 \u0645\u0639 \"Creil, c'est l'\u00e9t\u00e9!<\/p>\n\n\n\n<p>\u0641\u064a \u0628\u0631\u0646\u0627\u0645\u062c \u0627\u0644\u064a\u0648\u0645! \u0633\u062a\u062a\u0645\u0643\u0646\u0648\u0646 \u0645\u0646 \u0635\u0646\u0639 \u0643\u064a\u0633 \u062c\u0631\u064a\u062c\u0631\u064a \u0628\u0627\u0644\u0635\u0641\u0627\u0631\u0629\u060c \u0648\u0644\u0639\u0628 \u0623\u0644\u0639\u0627\u0628 \u0639\u0646 \u0627\u0644\u0645\u0633\u0627\u0648\u0627\u0629 \u0628\u064a\u0646 \u0627\u0644\u062c\u0646\u0633\u064a\u0646\u060c \u0648\u0627\u0644\u0627\u0633\u062a\u0645\u062a\u0627\u0639 \u0628\u062d\u0627\u0646\u0629 \u0644\u0627\u0645\u0639\u0629 \u0648\u0627\u0644\u062a\u0639\u0631\u0641 \u0639\u0644\u0649 \u0627\u0644\u0645\u0648\u0627\u0641\u0642\u0629 \u0648\u063a\u064a\u0631 \u0630\u0644\u0643 \u0627\u0644\u0643\u062b\u064a\u0631!<\/p>\n\n\n\n<p>\u0623\u0631\u0627\u0643 \u0641\u064a \u0645\u0646\u0637\u0642\u0629 \u0643\u0627\u0641\u064a\u0647 \u0641\u064a \u0643\u0631\u064a\u0644!<\/p>\n\n\n\n<p>\u0627\u0644\u0645\u0632\u064a\u062f \u0645\u0646 \u0627\u0644\u0645\u0639\u0644\u0648\u0645\u0627\u062a \u062d\u0648\u0644 &gt;&nbsp;<a href=\"https:\/\/www.creil.fr\/agenda\/creil-ete-2025\">https:\/\/www.creil.fr\/agenda\/creil-ete-2025<\/a><\/p>\n\n\n\n<div class=\"wp-block-uagb-image uagb-block-bc0766c4 wp-block-uagb-image--layout-default wp-block-uagb-image--effect-static wp-block-uagb-image--align-none\"><figure class=\"wp-block-uagb-image__figure\"><img decoding=\"async\" srcset=\"https:\/\/www.carrefour-de-femmes.org\/app\/uploads\/2025\/07\/creil-cest-lete-1.png ,https:\/\/www.carrefour-de-femmes.org\/app\/uploads\/2025\/07\/creil-cest-lete-1.png 780w, https:\/\/www.carrefour-de-femmes.org\/app\/uploads\/2025\/07\/creil-cest-lete-1.png 360w\" sizes=\"auto, (max-width: 480px) 150px\" src=\"https:\/\/www.carrefour-de-femmes.org\/app\/uploads\/2025\/07\/creil-cest-lete-1.png\" alt=\"\" class=\"uag-image-1411\" width=\"382\" height=\"378\" title=\"\u0643\u0631\u064a\u0644 c&#039;est l&#039;\u00e9t\u00e9\" loading=\"lazy\" role=\"img\"\/><\/figure><\/div>","protected":false},"excerpt":{"rendered":"<p>Viens t\u2019\u00e9clater cet \u00e9t\u00e9 avec \u00ab&nbsp;Creil, c\u2019est l\u2019\u00e9t\u00e9 !&nbsp;\u00bb Au programme pour cette journ\u00e9e ! Profites de fabrication de grigri de sac avec sifflet d\u2019alerte, de jeux sur l\u2019\u00e9galit\u00e9 F\/H, d\u2019un bar \u00e0 paillettes, d\u2019une sensibilisation autour du consentement et plein d\u2019autre chose ! Rendez-vous au quartier Cav\u00e9es \u00e0 Creil ! Plus d\u2019infos sur &gt;&nbsp;https:\/\/www.creil.fr\/agenda\/creil-ete-2025<\/p>","protected":false},"featured_media":1410,"template":"","meta":{"_acf_changed":true,"_uag_custom_page_level_css":""},"event-category":[],"class_list":["post-1421","event","type-event","status-publish","has-post-thumbnail","hentry"],"acf":[],"uagb_featured_image_src":{"full":["https:\/\/www.carrefour-de-femmes.org\/app\/uploads\/2025\/07\/creil-cest-lete.png",382,378,false],"thumbnail":["https:\/\/www.carrefour-de-femmes.org\/app\/uploads\/2025\/07\/creil-cest-lete-150x150.png",150,150,true],"medium":["https:\/\/www.carrefour-de-femmes.org\/app\/uploads\/2025\/07\/creil-cest-lete-300x297.png",300,297,true],"medium_large":["https:\/\/www.carrefour-de-femmes.org\/app\/uploads\/2025\/07\/creil-cest-lete.png",382,378,false],"large":["https:\/\/www.carrefour-de-femmes.org\/app\/uploads\/2025\/07\/creil-cest-lete.png",382,378,false],"1536x1536":["https:\/\/www.carrefour-de-femmes.org\/app\/uploads\/2025\/07\/creil-cest-lete.png",382,378,false],"2048x2048":["https:\/\/www.carrefour-de-femmes.org\/app\/uploads\/2025\/07\/creil-cest-lete.png",382,378,false],"trp-custom-language-flag":["https:\/\/www.carrefour-de-femmes.org\/app\/uploads\/2025\/07\/creil-cest-lete-12x12.png",12,12,true],"gform-image-choice-sm":["https:\/\/www.carrefour-de-femmes.org\/app\/uploads\/2025\/07\/creil-cest-lete.png",300,297,false],"gform-image-choice-md":["https:\/\/www.carrefour-de-femmes.org\/app\/uploads\/2025\/07\/creil-cest-lete.png",382,378,false],"gform-image-choice-lg":["https:\/\/www.carrefour-de-femmes.org\/app\/uploads\/2025\/07\/creil-cest-lete.png",382,378,false]},"uagb_author_info":{"display_name":"Sheryll Presna","author_link":"https:\/\/www.carrefour-de-femmes.org\/ar\/actualites\/author\/"},"uagb_comment_info":0,"uagb_excerpt":"Viens t\u2019\u00e9clater cet \u00e9t\u00e9 avec \u00ab&nbsp;Creil, c\u2019est l\u2019\u00e9t\u00e9 !&nbsp;\u00bb Au programme pour cette journ\u00e9e ! Profites de fabrication de grigri de sac avec sifflet d\u2019alerte, de jeux sur l\u2019\u00e9galit\u00e9 F\/H, d\u2019un bar \u00e0 paillettes, d\u2019une sensibilisation autour du consentement et plein d\u2019autre chose ! Rendez-vous au quartier Cav\u00e9es \u00e0 Creil ! Plus d\u2019infos sur &gt;&nbsp;https:\/\/www.creil.fr\/agenda\/creil-ete-2025","_links":{"self":[{"href":"https:\/\/www.carrefour-de-femmes.org\/ar\/wp-json\/wp\/v2\/event\/1421","targetHints":{"allow":["GET"]}}],"collection":[{"href":"https:\/\/www.carrefour-de-femmes.org\/ar\/wp-json\/wp\/v2\/event"}],"about":[{"href":"https:\/\/www.carrefour-de-femmes.org\/ar\/wp-json\/wp\/v2\/types\/event"}],"wp:featuredmedia":[{"embeddable":true,"href":"https:\/\/www.carrefour-de-femmes.org\/ar\/wp-json\/wp\/v2\/media\/1410"}],"wp:attachment":[{"href":"https:\/\/www.carrefour-de-femmes.org\/ar\/wp-json\/wp\/v2\/media?parent=1421"}],"wp:term":[{"taxonomy":"event-category","embeddable":true,"href":"https:\/\/www.carrefour-de-femmes.org\/ar\/wp-json\/wp\/v2\/event-category?post=1421"}],"curies":[{"name":"wp","href":"https:\/\/api.w.org\/{rel}","templated":true}]}}