{"id":1377,"date":"2025-06-05T14:54:43","date_gmt":"2025-06-05T13:54:43","guid":{"rendered":"https:\/\/www.carrefour-de-femmes.org\/?post_type=event&#038;p=1377"},"modified":"2025-06-16T09:35:12","modified_gmt":"2025-06-16T08:35:12","slug":"%d8%af%d9%88%d8%b1%d8%a9-%d8%a7%d9%84%d8%ab%d9%82%d8%a9-%d8%a8%d8%a7%d9%84%d9%86%d9%81%d8%b3-%d9%88%d8%b1%d8%b4%d8%a9-%d8%b9%d9%85%d9%84-%d9%81%d9%8a-%d8%b9%d9%84%d9%85-%d8%a7%d9%84%d9%86%d9%81%d8%b3","status":"publish","type":"event","link":"https:\/\/www.carrefour-de-femmes.org\/ar\/evenements\/parcours-confiance-en-soi-atelier-sophrologie\/","title":{"rendered":"\u062f\u0648\u0631\u0629 \u00ab\u0627\u0644\u062b\u0642\u0629 \u0628\u0627\u0644\u0646\u0641\u0633\u00bb (\u0648\u0631\u0634\u0629 \u0639\u0645\u0644 \u0641\u064a \u0639\u0644\u0645 \u0627\u0644\u0646\u0641\u0633)"},"content":{"rendered":"<p>\u064a\u0642\u062f\u0645 \u0645\u0647\u0631\u062c\u0627\u0646 CIDFF \u0648\u0631\u0634 \u0639\u0645\u0644 \u0645\u0635\u0645\u0645\u0629 \u0644\u0645\u0646\u062d\u0643 \u062f\u0641\u0639\u0629 \u0642\u0648\u064a\u0629! \u0647\u0646\u0627\u0643 \u0645\u062c\u0645\u0648\u0639\u0629 \u0645\u0646 \u0627\u0644\u0623\u0646\u0634\u0637\u0629 \u0644\u0645\u0633\u0627\u0639\u062f\u062a\u0643 \u0639\u0644\u0649 (\u0625\u0639\u0627\u062f\u0629) \u062a\u0639\u0644\u0645 \u0643\u064a\u0641\u064a\u0629 \u0627\u0644\u0634\u0639\u0648\u0631 \u0628\u0627\u0644\u0631\u0636\u0627 \u0639\u0646 \u0646\u0641\u0633\u0643\u060c \u0628\u0645\u0627 \u0641\u064a \u0630\u0644\u0643 \u0627\u0644\u062a\u062d\u062f\u062b \u0623\u0645\u0627\u0645 \u0627\u0644\u062c\u0645\u0647\u0648\u0631\u060c \u0648\u0648\u0631\u0634\u0629 \u0639\u0645\u0644 \u0644\u0644\u0645\u0643\u064a\u0627\u062c\u060c \u0648\u0647\u0630\u0647 \u0627\u0644\u0645\u0631\u0629 \u0648\u0631\u0634\u0629 \u0639\u0645\u0644 \u0644\u0644\u0627\u0633\u062a\u0631\u062e\u0627\u0621! \ud83c\udf43<\/p>\n\n\n\n<div class=\"wp-block-uagb-image uagb-block-656e3944 wp-block-uagb-image--layout-default wp-block-uagb-image--effect-static wp-block-uagb-image--align-none\"><figure class=\"wp-block-uagb-image__figure\"><img decoding=\"async\" srcset=\"https:\/\/www.carrefour-de-femmes.org\/app\/uploads\/2025\/06\/mindful-women-s-group-therapy-1-1024x700.jpg ,https:\/\/www.carrefour-de-femmes.org\/app\/uploads\/2025\/06\/mindful-women-s-group-therapy-1-scaled.jpg 780w, https:\/\/www.carrefour-de-femmes.org\/app\/uploads\/2025\/06\/mindful-women-s-group-therapy-1-scaled.jpg 360w\" sizes=\"auto, (max-width: 480px) 150px\" src=\"https:\/\/www.carrefour-de-femmes.org\/app\/uploads\/2025\/06\/mindful-women-s-group-therapy-1-1024x700.jpg\" alt=\"\" class=\"uag-image-1379\" width=\"423\" height=\"289\" title=\"\u0627\u0644\u0639\u0644\u0627\u062c \u0627\u0644\u062c\u0645\u0627\u0639\u064a \u0627\u0644\u0646\u0633\u0627\u0626\u064a \u0627\u0644\u0648\u0627\u0639\u064a\" loading=\"lazy\" role=\"img\"\/><\/figure><\/div>","protected":false},"excerpt":{"rendered":"<p>\u064a\u0642\u062f\u0645 \u0645\u0647\u0631\u062c\u0627\u0646 CIDFF \u0648\u0631\u0634 \u0639\u0645\u0644 \u0645\u0635\u0645\u0645\u0629 \u0644\u0645\u0646\u062d\u0643 \u062f\u0641\u0639\u0629 \u0642\u0648\u064a\u0629! \u0647\u0646\u0627\u0643 \u0645\u062c\u0645\u0648\u0639\u0629 \u0645\u0646 \u0627\u0644\u0623\u0646\u0634\u0637\u0629 \u0644\u0645\u0633\u0627\u0639\u062f\u062a\u0643 \u0639\u0644\u0649 (\u0625\u0639\u0627\u062f\u0629) \u062a\u0639\u0644\u0645 \u0643\u064a\u0641\u064a\u0629 \u0627\u0644\u0634\u0639\u0648\u0631 \u0628\u0627\u0644\u0631\u0636\u0627 \u0639\u0646 \u0646\u0641\u0633\u0643\u060c \u0628\u0645\u0627 \u0641\u064a \u0630\u0644\u0643 \u0627\u0644\u062a\u062d\u062f\u062b \u0623\u0645\u0627\u0645 \u0627\u0644\u062c\u0645\u0647\u0648\u0631\u060c \u0648\u0648\u0631\u0634\u0629 \u0639\u0645\u0644 \u0644\u0644\u0645\u0643\u064a\u0627\u062c\u060c \u0648\u0647\u0630\u0647 \u0627\u0644\u0645\u0631\u0629 \u0648\u0631\u0634\u0629 \u0639\u0645\u0644 \u0644\u0644\u0627\u0633\u062a\u0631\u062e\u0627\u0621! \ud83c\udf43<\/p>","protected":false},"featured_media":1378,"template":"","meta":{"_acf_changed":true,"_uag_custom_page_level_css":""},"event-category":[],"class_list":["post-1377","event","type-event","status-publish","has-post-thumbnail","hentry"],"acf":[],"uagb_featured_image_src":{"full":["https:\/\/www.carrefour-de-femmes.org\/app\/uploads\/2025\/06\/mindful-women-s-group-therapy-scaled.jpg",2560,1750,false],"thumbnail":["https:\/\/www.carrefour-de-femmes.org\/app\/uploads\/2025\/06\/mindful-women-s-group-therapy-150x150.jpg",150,150,true],"medium":["https:\/\/www.carrefour-de-femmes.org\/app\/uploads\/2025\/06\/mindful-women-s-group-therapy-300x205.jpg",300,205,true],"medium_large":["https:\/\/www.carrefour-de-femmes.org\/app\/uploads\/2025\/06\/mindful-women-s-group-therapy-768x525.jpg",768,525,true],"large":["https:\/\/www.carrefour-de-femmes.org\/app\/uploads\/2025\/06\/mindful-women-s-group-therapy-1024x700.jpg",1024,700,true],"1536x1536":["https:\/\/www.carrefour-de-femmes.org\/app\/uploads\/2025\/06\/mindful-women-s-group-therapy-1536x1050.jpg",1536,1050,true],"2048x2048":["https:\/\/www.carrefour-de-femmes.org\/app\/uploads\/2025\/06\/mindful-women-s-group-therapy-2048x1400.jpg",2048,1400,true],"trp-custom-language-flag":["https:\/\/www.carrefour-de-femmes.org\/app\/uploads\/2025\/06\/mindful-women-s-group-therapy-18x12.jpg",18,12,true],"gform-image-choice-sm":["https:\/\/www.carrefour-de-femmes.org\/app\/uploads\/2025\/06\/mindful-women-s-group-therapy-scaled.jpg",300,205,false],"gform-image-choice-md":["https:\/\/www.carrefour-de-femmes.org\/app\/uploads\/2025\/06\/mindful-women-s-group-therapy-scaled.jpg",400,273,false],"gform-image-choice-lg":["https:\/\/www.carrefour-de-femmes.org\/app\/uploads\/2025\/06\/mindful-women-s-group-therapy-scaled.jpg",600,410,false]},"uagb_author_info":{"display_name":"Sheryll Presna","author_link":"https:\/\/www.carrefour-de-femmes.org\/ar\/actualites\/author\/"},"uagb_comment_info":0,"uagb_excerpt":"Propos\u00e9 par le CIDFF, prends part \u00e0 des ateliers qui visent \u00e0 te redonner un coup de boost ! Gr\u00e2ce \u00e0 diff\u00e9rents volets, (r\u00e9)apprends \u00e0 te (re)valoriser : prise de parole, atelier maquillage\u2026 Et pour cette fois, c\u2019est atelier sophrologie ! \ud83c\udf43","_links":{"self":[{"href":"https:\/\/www.carrefour-de-femmes.org\/ar\/wp-json\/wp\/v2\/event\/1377","targetHints":{"allow":["GET"]}}],"collection":[{"href":"https:\/\/www.carrefour-de-femmes.org\/ar\/wp-json\/wp\/v2\/event"}],"about":[{"href":"https:\/\/www.carrefour-de-femmes.org\/ar\/wp-json\/wp\/v2\/types\/event"}],"wp:featuredmedia":[{"embeddable":true,"href":"https:\/\/www.carrefour-de-femmes.org\/ar\/wp-json\/wp\/v2\/media\/1378"}],"wp:attachment":[{"href":"https:\/\/www.carrefour-de-femmes.org\/ar\/wp-json\/wp\/v2\/media?parent=1377"}],"wp:term":[{"taxonomy":"event-category","embeddable":true,"href":"https:\/\/www.carrefour-de-femmes.org\/ar\/wp-json\/wp\/v2\/event-category?post=1377"}],"curies":[{"name":"wp","href":"https:\/\/api.w.org\/{rel}","templated":true}]}}