{"id":1346,"date":"2025-05-02T15:18:53","date_gmt":"2025-05-02T14:18:53","guid":{"rendered":"https:\/\/www.carrefour-de-femmes.org\/?post_type=event&#038;p=1346"},"modified":"2025-05-02T15:18:54","modified_gmt":"2025-05-02T14:18:54","slug":"%d9%88%d8%b1%d8%b4%d8%a9-%d8%b9%d9%85%d9%84-%d9%84%d8%aa%d8%a8%d8%a7%d8%af%d9%84-%d8%a7%d9%84%d8%a2%d8%b1%d8%a7%d8%a1-%d9%88%d8%a7%d9%84%d8%aa%d9%81%d9%83%d9%8a%d8%b1-%d9%81%d9%8a-%d8%a7%d9%84%d9%82","status":"publish","type":"event","link":"https:\/\/www.carrefour-de-femmes.org\/ar\/evenements\/atelier-dechanges-et-reflexion-sur-legalite\/","title":{"rendered":"\u0648\u0631\u0634\u0629 \u0639\u0645\u0644 \u0644\u0644\u0645\u0646\u0627\u0642\u0634\u0629 \u0648\u0627\u0644\u062a\u0641\u0643\u064a\u0631 \u0641\u064a \u0627\u0644\u0645\u0633\u0627\u0648\u0627\u0629"},"content":{"rendered":"<p>\u0627\u062e\u062a\u0627\u0631\u062a 6 \u0637\u0627\u0644\u0628\u0627\u062a \u0645\u0646 \u0627\u0644\u062c\u0645\u0639\u064a\u0629 \u0627\u0644\u0639\u0631\u0628\u064a\u0629 \u0644\u0644\u0645\u0633\u0624\u0648\u0644\u064a\u0629 \u0627\u0644\u0627\u062c\u062a\u0645\u0627\u0639\u064a\u0629 \u0644\u0644\u0634\u0631\u0643\u0627\u062a \u0627\u0644\u0646\u0627\u0634\u0626\u0629\u060c \u0627\u0644\u0644\u0627\u062a\u064a \u064a\u062a\u062f\u0631\u0628\u0646 \u0644\u064a\u0635\u0628\u062d\u0646 \u0645\u0639\u0644\u0645\u0627\u062a \u0645\u062a\u062e\u0635\u0635\u0627\u062a \u0648\u064a\u0642\u0645\u0646 \u0628\u062a\u062f\u0631\u064a\u0628\u0627\u062a \u0639\u0645\u0644 \u0641\u064a \u0645\u0646\u0638\u0645\u0627\u062a \u0645\u062d\u0644\u064a\u0629 \u0645\u062e\u062a\u0644\u0641\u0629\u060c \u0643\u0627\u0631\u0641\u0648\u0631 \u062f\u064a \u0641\u064a\u0645 \u0644\u062a\u0646\u0641\u064a\u0630 \u0645\u0634\u0631\u0648\u0639\u0647\u0646 \u0644\u0644\u0648\u0633\u0627\u0637\u0629 \u0641\u064a \u0645\u062c\u0627\u0644 \u0631\u0641\u0627\u0647\u064a\u0629 \u0627\u0644\u0646\u0633\u0627\u0621 \u0648\u0627\u0644\u0634\u0627\u0628\u0627\u062a. <\/p>\n\n\n\n<div class=\"wp-block-uagb-image uagb-block-c2cec596 wp-block-uagb-image--layout-default wp-block-uagb-image--effect-static wp-block-uagb-image--align-none\"><figure class=\"wp-block-uagb-image__figure\"><img decoding=\"async\" srcset=\"https:\/\/www.carrefour-de-femmes.org\/app\/uploads\/2025\/05\/20250313_171639-1024x577.jpg ,https:\/\/www.carrefour-de-femmes.org\/app\/uploads\/2025\/05\/20250313_171639-scaled.jpg 780w, https:\/\/www.carrefour-de-femmes.org\/app\/uploads\/2025\/05\/20250313_171639-scaled.jpg 360w\" sizes=\"auto, (max-width: 480px) 150px\" src=\"https:\/\/www.carrefour-de-femmes.org\/app\/uploads\/2025\/05\/20250313_171639-1024x577.jpg\" alt=\"\" class=\"uag-image-1347\" width=\"419\" height=\"235\" title=\"20250313_171639\" loading=\"lazy\" role=\"img\"\/><\/figure><\/div>","protected":false},"excerpt":{"rendered":"<p>\u0627\u062e\u062a\u0627\u0631\u062a 6 \u0637\u0627\u0644\u0628\u0627\u062a \u0645\u0646 \u0627\u0644\u062c\u0645\u0639\u064a\u0629 \u0627\u0644\u0639\u0631\u0628\u064a\u0629 \u0644\u0644\u0645\u0633\u0624\u0648\u0644\u064a\u0629 \u0627\u0644\u0627\u062c\u062a\u0645\u0627\u0639\u064a\u0629 \u0644\u0644\u0634\u0631\u0643\u0627\u062a \u0627\u0644\u0646\u0627\u0634\u0626\u0629\u060c \u0627\u0644\u0644\u0627\u062a\u064a \u064a\u062a\u062f\u0631\u0628\u0646 \u0644\u064a\u0635\u0628\u062d\u0646 \u0645\u0639\u0644\u0645\u0627\u062a \u0645\u062a\u062e\u0635\u0635\u0627\u062a \u0648\u064a\u0642\u0645\u0646 \u0628\u062a\u062f\u0631\u064a\u0628\u0627\u062a \u0639\u0645\u0644 \u0641\u064a \u0645\u0646\u0638\u0645\u0627\u062a \u0645\u062d\u0644\u064a\u0629 \u0645\u062e\u062a\u0644\u0641\u0629\u060c \u0643\u0627\u0631\u0641\u0648\u0631 \u062f\u064a \u0641\u064a\u0645 \u0644\u062a\u0646\u0641\u064a\u0630 \u0645\u0634\u0631\u0648\u0639\u0647\u0646 \u0644\u0644\u0648\u0633\u0627\u0637\u0629 \u0641\u064a \u0645\u062c\u0627\u0644 \u0631\u0641\u0627\u0647\u064a\u0629 \u0627\u0644\u0646\u0633\u0627\u0621 \u0648\u0627\u0644\u0634\u0627\u0628\u0627\u062a.<\/p>","protected":false},"featured_media":1348,"template":"","meta":{"_acf_changed":true,"_uag_custom_page_level_css":""},"event-category":[],"class_list":["post-1346","event","type-event","status-publish","has-post-thumbnail","hentry"],"acf":[],"uagb_featured_image_src":{"full":["https:\/\/www.carrefour-de-femmes.org\/app\/uploads\/2025\/05\/20250313_171639-1-scaled.jpg",2560,1441,false],"thumbnail":["https:\/\/www.carrefour-de-femmes.org\/app\/uploads\/2025\/05\/20250313_171639-1-150x150.jpg",150,150,true],"medium":["https:\/\/www.carrefour-de-femmes.org\/app\/uploads\/2025\/05\/20250313_171639-1-300x169.jpg",300,169,true],"medium_large":["https:\/\/www.carrefour-de-femmes.org\/app\/uploads\/2025\/05\/20250313_171639-1-768x432.jpg",768,432,true],"large":["https:\/\/www.carrefour-de-femmes.org\/app\/uploads\/2025\/05\/20250313_171639-1-1024x577.jpg",1024,577,true],"1536x1536":["https:\/\/www.carrefour-de-femmes.org\/app\/uploads\/2025\/05\/20250313_171639-1-1536x865.jpg",1536,865,true],"2048x2048":["https:\/\/www.carrefour-de-femmes.org\/app\/uploads\/2025\/05\/20250313_171639-1-2048x1153.jpg",2048,1153,true],"trp-custom-language-flag":["https:\/\/www.carrefour-de-femmes.org\/app\/uploads\/2025\/05\/20250313_171639-1-18x10.jpg",18,10,true],"gform-image-choice-sm":["https:\/\/www.carrefour-de-femmes.org\/app\/uploads\/2025\/05\/20250313_171639-1-scaled.jpg",300,169,false],"gform-image-choice-md":["https:\/\/www.carrefour-de-femmes.org\/app\/uploads\/2025\/05\/20250313_171639-1-scaled.jpg",400,225,false],"gform-image-choice-lg":["https:\/\/www.carrefour-de-femmes.org\/app\/uploads\/2025\/05\/20250313_171639-1-scaled.jpg",600,338,false]},"uagb_author_info":{"display_name":"Sheryll Presna","author_link":"https:\/\/www.carrefour-de-femmes.org\/ar\/actualites\/author\/"},"uagb_comment_info":0,"uagb_excerpt":"6 \u00e9tudiantes de l&rsquo;APRADIS, en formation d&rsquo;\u00e9ducatrice sp\u00e9cialis\u00e9e et en alternance sur diff\u00e9rentes structures du territoire ont choisis Carrefour de Femmes pour r\u00e9aliser leur projet de m\u00e9diation autour du mieux-\u00eatre des femmes et jeunes femmes","_links":{"self":[{"href":"https:\/\/www.carrefour-de-femmes.org\/ar\/wp-json\/wp\/v2\/event\/1346","targetHints":{"allow":["GET"]}}],"collection":[{"href":"https:\/\/www.carrefour-de-femmes.org\/ar\/wp-json\/wp\/v2\/event"}],"about":[{"href":"https:\/\/www.carrefour-de-femmes.org\/ar\/wp-json\/wp\/v2\/types\/event"}],"wp:featuredmedia":[{"embeddable":true,"href":"https:\/\/www.carrefour-de-femmes.org\/ar\/wp-json\/wp\/v2\/media\/1348"}],"wp:attachment":[{"href":"https:\/\/www.carrefour-de-femmes.org\/ar\/wp-json\/wp\/v2\/media?parent=1346"}],"wp:term":[{"taxonomy":"event-category","embeddable":true,"href":"https:\/\/www.carrefour-de-femmes.org\/ar\/wp-json\/wp\/v2\/event-category?post=1346"}],"curies":[{"name":"wp","href":"https:\/\/api.w.org\/{rel}","templated":true}]}}